{"id":2,"date":"2020-03-17T22:30:58","date_gmt":"2020-03-17T21:30:58","guid":{"rendered":"http:\/\/ermekeil.uber.space\/cohousing\/?page_id=2"},"modified":"2023-10-13T14:00:16","modified_gmt":"2023-10-13T12:00:16","slug":"beispiel-seite","status":"publish","type":"page","link":"https:\/\/ermekeilinitiative.de\/cohousing\/","title":{"rendered":"Gemeinsam kochen und gemeinschaftlich essen, trinken und erz\u00e4hlen"},"content":{"rendered":"\n<p>Leider findet das Mittwochskochen z.Z. nicht regelm\u00e4ssig statt, bitte vorher unbedingt erkundigen und anmelden!<\/p>\n\n\n\n<p>Wer sich engagieren m\u00f6chte um diese Veranstaltung wieder aufleben zu lassen ist herzlich willkommen, wir w\u00fcrden uns sehr freuen wenn sich jemand bereit erkl\u00e4rt die Federf\u00fchrung in die Hand zu nehmen!<\/p>\n\n\n\n<p>Bisher war es so: jede*r ist herzlich willkommen, mit uns gemeinsam zu kochen und zu essen. Es gibt mehrere vegetarische Ga\u0308nge auf Spendenbasis. <\/p>\n\n\n\n<p>Du mo\u0308chtest beim Kochen helfen?  Das ist super \ud83d\ude42    Komme bitte um 17 Uhr! <br>Du m\u00f6chtest nur mit uns essen: Um 19 Uhr er\u00f6ffnen wir das Buffet! <\/p>\n\n\n\n<p>Beim gemeinsamen Kochen und Essen\nkannst Du auch etwas \u00fcber unser\nProjekt und die Cohousing-Idee\nerfahren. Nach dem Essen wird gerne\nnoch weiter geplaudert und gemeinsam\naufger\u00e4umt.\n<\/p>\n\n\n\n<p>Wo: Haus 8, Reuterstr. 63, 53115 Bonn <\/p>\n\n\n\n<p>Um Anmeldung wird gebeten !<br>Ansprechpartner: Hartmut G\u00f6belsmann, Email-Kontakt:  h.goebelsmann@t-online.de<\/p>\n\n\n\n<p><\/p>\n","protected":false},"excerpt":{"rendered":"<p>Leider findet das Mittwochskochen z.Z. nicht regelm\u00e4ssig statt, bitte vorher unbedingt erkundigen und anmelden! Wer sich engagieren m\u00f6chte um diese Veranstaltung wieder aufleben zu lassen ist herzlich willkommen, wir w\u00fcrden uns sehr freuen wenn sich jemand bereit erkl\u00e4rt die Federf\u00fchrung in die Hand zu nehmen! Bisher war es so: jede*r ist herzlich willkommen, mit uns [&hellip;]<\/p>\n","protected":false},"author":1,"featured_media":0,"parent":0,"menu_order":0,"comment_status":"closed","ping_status":"open","template":"","meta":{"footnotes":""},"class_list":["post-2","page","type-page","status-publish","hentry"],"_links":{"self":[{"href":"https:\/\/ermekeilinitiative.de\/cohousing\/wp-json\/wp\/v2\/pages\/2","targetHints":{"allow":["GET"]}}],"collection":[{"href":"https:\/\/ermekeilinitiative.de\/cohousing\/wp-json\/wp\/v2\/pages"}],"about":[{"href":"https:\/\/ermekeilinitiative.de\/cohousing\/wp-json\/wp\/v2\/types\/page"}],"author":[{"embeddable":true,"href":"https:\/\/ermekeilinitiative.de\/cohousing\/wp-json\/wp\/v2\/users\/1"}],"replies":[{"embeddable":true,"href":"https:\/\/ermekeilinitiative.de\/cohousing\/wp-json\/wp\/v2\/comments?post=2"}],"version-history":[{"count":6,"href":"https:\/\/ermekeilinitiative.de\/cohousing\/wp-json\/wp\/v2\/pages\/2\/revisions"}],"predecessor-version":[{"id":80,"href":"https:\/\/ermekeilinitiative.de\/cohousing\/wp-json\/wp\/v2\/pages\/2\/revisions\/80"}],"wp:attachment":[{"href":"https:\/\/ermekeilinitiative.de\/cohousing\/wp-json\/wp\/v2\/media?parent=2"}],"curies":[{"name":"wp","href":"https:\/\/api.w.org\/{rel}","templated":true}]}}