{"id":2,"date":"2020-03-15T11:47:43","date_gmt":"2020-03-15T10:47:43","guid":{"rendered":"http:\/\/ermekeil.uber.space\/garten\/?page_id=2"},"modified":"2023-01-13T18:57:17","modified_gmt":"2023-01-13T17:57:17","slug":"beispiel-seite","status":"publish","type":"page","link":"https:\/\/ermekeilinitiative.de\/garten\/","title":{"rendered":"Die gr\u00fcne Oase in der S\u00fcdstadt !"},"content":{"rendered":"\n<p>Ein Garten mitten in der Stadt \u2013 wovon\nviele Einwohner Deutschlands nur\ntr\u00e4umen k\u00f6nnen, ist f\u00fcr viele Bonner\nB\u00fcrgerinnen und B\u00fcrger gr\u00fcne\nWirklichkeit. Durch das Engagement\nvieler erfreut sich der urbane\nGemeinschaftsgarten der\nErmekeilinitiative nach wie vor gro\u00dfer\nBeliebtheit.\n<\/p>\n\n\n\n<p>Zwischen den Geb\u00e4uden der Ermekeilkaserne liegt ein schmaler, aber langer Streifen, der wie eine gr\u00fcne Oase wirkt, sobald man zwischen den H\u00e4user verkehrsintensiven und lauten Reuterstra\u00dfe das Gel\u00e4nde betritt. <\/p>\n\n\n\n<p>Zwar musste nach dem Umzug  zu Haus 8 die Anzahl der Pflanzkisten deutlich reduziert werden, aber nach und nach hat die Natur sich Platz geschaffen, so dass sowohl Blumen, Str\u00e4ucher und Gem\u00fcseernten uns reich beschenken. <\/p>\n\n\n\n<p>Neben den Pflanzkisten, die in Gruppen\noder eigenst\u00e4ndig bewirtschaftet werden\nk\u00f6nnen, wuchs der Garten nach und\nnach um gem\u00fctliche Sitzecken sowie um\nein gro\u00dfes Tomatenhaus an. So wurde\naus einem Gemeinschaftsgarten ein\noffener, frei zug\u00e4nglicher und\ngem\u00fctlicher Ort des Austausches.\n<\/p>\n\n\n\n<p>M\u00f6chtest du auch mitg\u00e4rtnern?\n<\/p>\n\n\n\n<p>Ob Unkraut j\u00e4ten oder Beete umgraben,\nob Kr\u00e4uter ernten oder Gem\u00fcse s\u00e4en,\nim Gemeinschaftsgarten gibt es immer\nwas zu tun. Gerne kannst du dich auch\nan einer der freien Pflanzkisten\nversuchen. Unser Garten ist von Anfang\nM\u00e4rz bis Ende Oktober ge\u00f6ffnet, die\naktuellen \u00d6ffnungszeiten findest du hier\n(Link Kalender).\n<\/p>\n\n\n\n<p>Ansprechpartner: Susanne M\u00f6ller, Email-Kontakt: <a href=\"mailto:garten@ermekeilkarree.de\" target=\"_blank\" rel=\"noreferrer noopener\">garten@ermekeilkarree.de<\/a> <\/p>\n","protected":false},"excerpt":{"rendered":"<p>Ein Garten mitten in der Stadt \u2013 wovon viele Einwohner Deutschlands nur tr\u00e4umen k\u00f6nnen, ist f\u00fcr viele Bonner B\u00fcrgerinnen und B\u00fcrger gr\u00fcne Wirklichkeit. Durch das Engagement vieler erfreut sich der urbane Gemeinschaftsgarten der Ermekeilinitiative nach wie vor gro\u00dfer Beliebtheit. Zwischen den Geb\u00e4uden der Ermekeilkaserne liegt ein schmaler, aber langer Streifen, der wie eine gr\u00fcne Oase [&hellip;]<\/p>\n","protected":false},"author":1,"featured_media":0,"parent":0,"menu_order":0,"comment_status":"closed","ping_status":"open","template":"","meta":{"footnotes":""},"class_list":["post-2","page","type-page","status-publish","hentry"],"_links":{"self":[{"href":"https:\/\/ermekeilinitiative.de\/garten\/wp-json\/wp\/v2\/pages\/2","targetHints":{"allow":["GET"]}}],"collection":[{"href":"https:\/\/ermekeilinitiative.de\/garten\/wp-json\/wp\/v2\/pages"}],"about":[{"href":"https:\/\/ermekeilinitiative.de\/garten\/wp-json\/wp\/v2\/types\/page"}],"author":[{"embeddable":true,"href":"https:\/\/ermekeilinitiative.de\/garten\/wp-json\/wp\/v2\/users\/1"}],"replies":[{"embeddable":true,"href":"https:\/\/ermekeilinitiative.de\/garten\/wp-json\/wp\/v2\/comments?post=2"}],"version-history":[{"count":6,"href":"https:\/\/ermekeilinitiative.de\/garten\/wp-json\/wp\/v2\/pages\/2\/revisions"}],"predecessor-version":[{"id":247,"href":"https:\/\/ermekeilinitiative.de\/garten\/wp-json\/wp\/v2\/pages\/2\/revisions\/247"}],"wp:attachment":[{"href":"https:\/\/ermekeilinitiative.de\/garten\/wp-json\/wp\/v2\/media?parent=2"}],"curies":[{"name":"wp","href":"https:\/\/api.w.org\/{rel}","templated":true}]}}