{"id":2,"date":"2020-03-15T11:47:20","date_gmt":"2020-03-15T10:47:20","guid":{"rendered":"http:\/\/ermekeil.uber.space\/repaircafe\/?page_id=2"},"modified":"2023-10-13T14:08:35","modified_gmt":"2023-10-13T12:08:35","slug":"beispiel-seite","status":"publish","type":"page","link":"https:\/\/ermekeilinitiative.de\/repaircafe\/","title":{"rendered":"Reparieren statt wegwerfen :-)"},"content":{"rendered":"\n<p>Reparieren ist das neue Kaufen \ud83d\ude42<\/p>\n\n\n\n<p>Pfeift der Wasserkocher mal wieder aus\ndem letzten Loch? Dann schnell zum\nRepaircafe !\n<\/p>\n\n\n\n<p>Nicht alles, was kaputt ist, ist auch\ngleich wertlos und muss weggeworfen\nwerden. Viele Dinge k\u00f6nnen mit etwas\nGeduld und Geschick repariert werden.\n<\/p>\n\n\n\n<p>Daher veranstaltet die Ermekeilinitiative seit 2015 einmal im Monat ein N\u00e4h- und Repair-Caf\u00e9, zur Reparatur von Kleinger\u00e4ten aller Art, Fahrr\u00e4dern oder auch Kleidungsst\u00fcck. <br><br>Fester Termin:        Jeder 3. Samstag im Monat von 14:00 \u2013 18:00 <\/p>\n\n\n\n<p>Angenommen werden die Gegenst\u00e4nde bis 17 Uhr, um zusammen mit unseren erfahrenen, ehrenamtlichen Helfern zu reparieren. Es braucht keine Anmeldung!<\/p>\n\n\n\n<p>Die Idee dahinter ist simpel: Wer mehr repariert, wirft weniger weg. Eine Reparatur spart nicht nur das Geld f\u00fcr eine Neuanschaffung, sondern schont auch die Ressourcen, die durch den Wegwerfkonsum unn\u00f6tig strapaziert werden. Zudem produzieren Reparierende weniger unn\u00f6tigen M\u00fcll und sch\u00fctzen so nachhaltig die Umwelt. Eine Reparatur bringt also ganz viele  Vorteile mit sich.<\/p>\n\n\n\n<p>Ob Kabel, Schraube, Holz oder Flicken, unser Materialfundus ist gro\u00df und unsere Werkstatt sehr gut ausgestattet. Die ehrenamtlich Reparierenden verf\u00fcgen \u00fcber ein gro\u00dfes Reparaturwissen, d sie gerne mit anderen teilen. Denn es macht wirklich unglaublich viel Spa\u00df, bei einer Tasse Kaffee oder Tee zusammen nach einer L\u00f6sung des Problems zu suchen und die  &#8222;Kiste&#8220; und das Fahrrad wieder zum Laufen zu bringen.<\/p>\n\n\n\n<p>Alle Bonner Repaircafes und deren Termine, was da repariert werden kann und vieles mehr, findest Du auf der neuen Webseite: <a href=\"http:\/\/www.repaircafesbonn.de\/\">http:\/\/www.repaircafesbonn.de\/<\/a><\/p>\n\n\n\n<p>M\u00f6chtest du auch reparieren? <\/p>\n\n\n\n<p>Wenn du handwerklich begabt bist und Lust auf eine nachhaltige Besch\u00e4ftigung hast, freuen wir uns dich in unserem Team begr\u00fc\u00dfen zu k\u00f6nnen. Wir freuen uns besonders auf Mitwirkende aus dem Kreis der neuen Mitb\u00fcrger der Stadt. Solltest du einen Gegenstand haben, den du mit uns zusammen reparieren m\u00f6chtest, kannst du jeden dritten Samstag des Monats zwischen 14 und 17 Uhr zu unserem Treffen kommen. <\/p>\n\n\n\n<p>Ansprechpartner: Lothar Diehl, Email-Kontakt: <a href=\"mailto:repaircafe@ermekeilkarree.de\">repaircafe@ermekeilkarree.de<\/a><\/p>\n\n\n\n<p><\/p>\n","protected":false},"excerpt":{"rendered":"<p>Reparieren ist das neue Kaufen \ud83d\ude42 Pfeift der Wasserkocher mal wieder aus dem letzten Loch? Dann schnell zum Repaircafe ! Nicht alles, was kaputt ist, ist auch gleich wertlos und muss weggeworfen werden. Viele Dinge k\u00f6nnen mit etwas Geduld und Geschick repariert werden. Daher veranstaltet die Ermekeilinitiative seit 2015 einmal im Monat ein N\u00e4h- und [&hellip;]<\/p>\n","protected":false},"author":1,"featured_media":0,"parent":0,"menu_order":0,"comment_status":"closed","ping_status":"open","template":"","meta":{"footnotes":""},"class_list":["post-2","page","type-page","status-publish","hentry"],"_links":{"self":[{"href":"https:\/\/ermekeilinitiative.de\/repaircafe\/wp-json\/wp\/v2\/pages\/2","targetHints":{"allow":["GET"]}}],"collection":[{"href":"https:\/\/ermekeilinitiative.de\/repaircafe\/wp-json\/wp\/v2\/pages"}],"about":[{"href":"https:\/\/ermekeilinitiative.de\/repaircafe\/wp-json\/wp\/v2\/types\/page"}],"author":[{"embeddable":true,"href":"https:\/\/ermekeilinitiative.de\/repaircafe\/wp-json\/wp\/v2\/users\/1"}],"replies":[{"embeddable":true,"href":"https:\/\/ermekeilinitiative.de\/repaircafe\/wp-json\/wp\/v2\/comments?post=2"}],"version-history":[{"count":4,"href":"https:\/\/ermekeilinitiative.de\/repaircafe\/wp-json\/wp\/v2\/pages\/2\/revisions"}],"predecessor-version":[{"id":109,"href":"https:\/\/ermekeilinitiative.de\/repaircafe\/wp-json\/wp\/v2\/pages\/2\/revisions\/109"}],"wp:attachment":[{"href":"https:\/\/ermekeilinitiative.de\/repaircafe\/wp-json\/wp\/v2\/media?parent=2"}],"curies":[{"name":"wp","href":"https:\/\/api.w.org\/{rel}","templated":true}]}}